{"id":2690,"date":"2023-09-06T19:21:46","date_gmt":"2023-09-06T17:21:46","guid":{"rendered":"http:\/\/www.parafiabrzezinka.eu\/test3\/?page_id=2690"},"modified":"2023-09-06T19:25:13","modified_gmt":"2023-09-06T17:25:13","slug":"chrzest-i-roczek","status":"publish","type":"page","link":"https:\/\/www.parafiabrzezinka.eu\/test3\/chrzest-i-roczek\/","title":{"rendered":"Chrzest i roczek"},"content":{"rendered":"\t\t<div data-elementor-type=\"wp-page\" data-elementor-id=\"2690\" class=\"elementor elementor-2690\">\n\t\t\t\t\t\t<section class=\"elementor-section elementor-top-section elementor-element elementor-element-b0a0545 elementor-section-content-middle elementor-section-boxed elementor-section-height-default elementor-section-height-default\" data-id=\"b0a0545\" data-element_type=\"section\" data-settings=\"{&quot;background_background&quot;:&quot;classic&quot;,&quot;shape_divider_bottom&quot;:&quot;waves&quot;}\">\n\t\t\t\t\t\t\t<div class=\"elementor-background-overlay\"><\/div>\n\t\t\t\t\t\t<div class=\"elementor-shape elementor-shape-bottom\" data-negative=\"false\">\n\t\t\t<svg xmlns=\"http:\/\/www.w3.org\/2000\/svg\" viewBox=\"0 0 1000 100\" preserveAspectRatio=\"none\">\n\t<path class=\"elementor-shape-fill\" d=\"M421.9,6.5c22.6-2.5,51.5,0.4,75.5,5.3c23.6,4.9,70.9,23.5,100.5,35.7c75.8,32.2,133.7,44.5,192.6,49.7\n\tc23.6,2.1,48.7,3.5,103.4-2.5c54.7-6,106.2-25.6,106.2-25.6V0H0v30.3c0,0,72,32.6,158.4,30.5c39.2-0.7,92.8-6.7,134-22.4\n\tc21.2-8.1,52.2-18.2,79.7-24.2C399.3,7.9,411.6,7.5,421.9,6.5z\"\/>\n<\/svg>\t\t<\/div>\n\t\t\t\t\t<div class=\"elementor-container elementor-column-gap-default\">\n\t\t\t\t\t<div class=\"elementor-column elementor-col-100 elementor-top-column elementor-element elementor-element-f425715\" data-id=\"f425715\" data-element_type=\"column\">\n\t\t\t<div class=\"elementor-widget-wrap elementor-element-populated\">\n\t\t\t\t\t\t<div class=\"elementor-element elementor-element-b496f9e elementor-widget elementor-widget-heading\" data-id=\"b496f9e\" data-element_type=\"widget\" data-widget_type=\"heading.default\">\n\t\t\t\t<div class=\"elementor-widget-container\">\n\t\t\t\t\t<h1 class=\"elementor-heading-title elementor-size-default\">CHRZEST I ROCZEK<\/h1>\t\t\t\t<\/div>\n\t\t\t\t<\/div>\n\t\t\t\t\t<\/div>\n\t\t<\/div>\n\t\t\t\t\t<\/div>\n\t\t<\/section>\n\t\t\t\t<section class=\"elementor-section elementor-top-section elementor-element elementor-element-2a0bcdf elementor-section-boxed elementor-section-height-default elementor-section-height-default\" data-id=\"2a0bcdf\" data-element_type=\"section\">\n\t\t\t\t\t\t<div class=\"elementor-container elementor-column-gap-default\">\n\t\t\t\t\t<div class=\"elementor-column elementor-col-100 elementor-top-column elementor-element elementor-element-e4ebc1a\" data-id=\"e4ebc1a\" data-element_type=\"column\">\n\t\t\t<div class=\"elementor-widget-wrap elementor-element-populated\">\n\t\t\t\t\t\t<div class=\"elementor-element elementor-element-76f1de4 elementor-widget elementor-widget-text-editor\" data-id=\"76f1de4\" data-element_type=\"widget\" data-widget_type=\"text-editor.default\">\n\t\t\t\t<div class=\"elementor-widget-container\">\n\t\t\t\t\t\t\t\t\t<p><strong>Chrzest\u00a0<\/strong>jest bram\u0105 sakrament\u00f3w, jest konieczny do\u00a0zbawienia, uwalnia ludzi od\u00a0grzech\u00f3w, odradza ich jako dzieci Bo\u017ce i\u00a0przez\u00a0upodobnienie do\u00a0Chrystusa w\u0142\u0105cza do\u00a0wsp\u00f3lnoty Ko\u015bcio\u0142a.<\/p><p>Sakramentu Chrztu \u015bw. w naszej parafii udzielamy zasadniczo\u00a0w czasie uroczystej niedzielnej Eucharystii.\u00a0Najcz\u0119\u015bciej chrzcimy dwa razy w miesi\u0105cu: w\u00a0pierwsz\u0105 i trzeci\u0105 niedziel\u0119\u00a0na Mszy o godz. 15.30 lub 11.15.<\/p><p><strong>W roku 2023<\/strong>\u00a0dla chrzt\u00f3w i roczk\u00f3w zarezerwowali\u015bmy nast\u0119puj\u0105ce terminy:<\/p><table border=\"0\"><tbody><tr><td>3 wrze\u015bnia 2023 r. o 15.30<\/td><td>17 wrze\u015bnia 2023 r. o 11.15<\/td><\/tr><tr><td>1 pa\u017adziernika 2023 r. o 15.30<\/td><td>15 pa\u017adziernika 2023 r. o 11.15<\/td><\/tr><tr><td>5 listopada 2023 r. o 15.30<\/td><td>19 listopada 2023 r. o 11.15<\/td><\/tr><tr><td>3 grudnia 2023 r. o 15.30<\/td><td>17 grudnia 2023 r. o 11.15<\/td><\/tr><\/tbody><\/table><p><strong>W roku 2024<\/strong>\u00a0dla chrzt\u00f3w i roczk\u00f3w zarezerwowali\u015bmy nast\u0119puj\u0105ce terminy:<\/p><table border=\"0\"><tbody><tr><td>7 stycznia 2024 r. o 11.15<\/td><td>21 stycznia 2024 r. o 15.30<\/td><\/tr><tr><td>4 lutego 2024 r. o 11.15<\/td><td>18 lutego 2024 r. o 15.30<\/td><\/tr><tr><td>3 marca 2024 r. o 15.30<\/td><td>17 marca 2024 r. o 11.15<\/td><\/tr><tr><td>7 kwietnia 2024 r. o 15.30<\/td><td>21 kwietnia 2024 r. o 11.15<\/td><\/tr><tr><td>5 maja 2024 r. o 11.15<\/td><td>19 maja 2024 r. o 15.30<\/td><\/tr><tr><td>9 czerwca 2024 r. o 15.30<\/td><td>23 czerwca 2024 r. o 11.15<\/td><\/tr><tr><td>7 lipca 2024 r. o 15.30<\/td><td>21 lipca 2024 r. o 11.15<\/td><\/tr><tr><td>4 sierpnia 2024 r. o 15.30<\/td><td>18 sierpnia 2024 r. o 11.15<\/td><\/tr><tr><td>1 wrze\u015bnia 2024 r. o 15.30<\/td><td>15 wrze\u015bnia 2024 r. o 11.15<\/td><\/tr><tr><td>6 pa\u017adziernika 2024 r. o 15.30<\/td><td>20 pa\u017adziernika 2024 r. o 11.15<\/td><\/tr><tr><td>3 listopada 2024 r. o 15.30<\/td><td>17 listopada 2024 r. o 11.15<\/td><\/tr><tr><td>1 grudnia 2024 r. o 15.30<\/td><td>15 grudnia 2024 r. o 11.15<\/td><\/tr><\/tbody><\/table><p>Chrztu udzielamy dzieciom, kt\u00f3rych\u00a0rodzice zamieszkuj\u0105 na\u00a0terenie naszej parafii (s\u0105 naszymi parafianami). Je\u015bli rodzice mieszkaj\u0105 w\u00a0innej parafii i\u00a0pragn\u0105 ochrzci\u0107 dziecko u\u00a0nas z\u00a0wa\u017cnych powod\u00f3w, potrzebny jest\u00a0<strong>przekaz z parafii, na terenie kt\u00f3rej zamieszkuj\u0105<\/strong>. By przygotowa\u0107 si\u0119 do chrztu nale\u017cy zg\u0142osi\u0107 si\u0119 do kancelarii parafialnej z aktem urodzenia dziecka oraz podstawowymi danymi rodzic\u00f3w chrzestnych. Je\u015bli wybrani na rodzic\u00f3w chrzestnych mieszkaj\u0105 poza nasz\u0105 parafi\u0105 &#8211; b\u0119d\u0105 potrzebowali za\u015bwiadczenia od swojego proboszcza, \u017ce mog\u0105 pe\u0142ni\u0107 t\u0119 funkcj\u0119 &#8211; o takie za\u015bwiadczenie nale\u017cy poprosi\u0107 w kancelarii parafii, gdzie aktualnie mieszkaj\u0105 chrzestni. Nale\u017cy je dostarczy\u0107 najp\u00f3\u017aniej w czasie katechezy przedchrzcielnej, kt\u00f3ra odbywa si\u0119 najcz\u0119\u015bciej w sobot\u0119 przed pierwsz\u0105 niedziel\u0105 miesi\u0105ca o godz. 16.30 w salkach obok naszego probostwa.<\/p><h3>Wymagania wobec rodzic\u00f3w dziecka<\/h3><p>Chrztu \u015bw. udziela si\u0119 dziecku na podstawie wiary rodzic\u00f3w dziecka. Wiara ma by\u0107 nie tylko deklarowana, ale i praktykowana. Rodzice modl\u0105 si\u0119 za dziecko (a w przysz\u0142o\u015bci razem z dzieckiem), uczestnicz\u0105 co niedziel\u0119 we Mszy \u015bw., przyst\u0119puj\u0105 regularnie do Spowiedzi i Komunii \u015bw.<\/p><h3>Wymagania wobec rodzic\u00f3w chrzestnych<\/h3><p>Wed\u0142ug nauki Ko\u015bcio\u0142a chrzestny razem z rodzicami przedstawia dziecko do chrztu oraz ma pomaga\u0107, by ochrzczony prowadzi\u0142 \u017cycie chrze\u015bcija\u0144skie i wype\u0142nia\u0142 wiernie z\u0142\u0105czone z nim obowi\u0105zki. Do przyj\u0119cia zadania chrzestnego mo\u017ce by\u0107 dopuszczony ten, kto uko\u0144czy\u0142 16 lat, jest katolikiem, przyj\u0105\u0142 ju\u017c sakrament Komunii \u015bw. i Bierzmowania oraz prowadzi \u017cycie zgodne z wiar\u0105 i odpowiadaj\u0105ce funkcji, jak\u0105 ma pe\u0142ni\u0107. Nale\u017cy wybra\u0107 jednego chrzestnego lub chrzestn\u0105 albo dwoje chrzestnych (oczywi\u015bcie r\u00f3\u017cnej p\u0142ci). Nie mo\u017ce wi\u0119c pe\u0142ni\u0107 tej funkcji osoba \u017cyj\u0105ca w konkubinacie, w zwi\u0105zku niesakramentalnym czy \u201epartnerskim\u201d, a tak\u017ce osoba niepraktykuj\u0105ca wiary (brak niedzielnej Mszy \u015bw., nieprzyst\u0119powanie do spowiedzi i Komunii \u015bw.).<\/p><h3>Katecheza dla rodzic\u00f3w i\u00a0chrzestnych<\/h3><p>Nauka dla rodzic\u00f3w i chrzestnych odbywa si\u0119 najcz\u0119\u015bciej w sobot\u0119 przed pierwsz\u0105 niedziel\u0105 miesi\u0105ca o godz. 16.30 w salce przy probostwie.<\/p><h3>Chrzest w\u00a0niebezpiecze\u0144stwie \u015bmierci<\/h3><p>W razie nag\u0142ej konieczno\u015bci KA\u017bDY mo\u017ce udzieli\u0107 chrztu zwyk\u0142\u0105 wod\u0105 (nie musi by\u0107 po\u015bwi\u0119cona) polewaj\u0105c trzykrotnie g\u0142\u00f3wk\u0119 dziecka i wypowiadaj\u0105c imi\u0119 dziecka na pocz\u0105tku i formu\u0142\u0119 sakramentaln\u0105: np. w wypadku dziecka o imieniu Anna b\u0119d\u0105 to nast\u0119puj\u0105ce s\u0142owa: ANNO, JA CIEBIE CHRZCZ\u0118 W IMI\u0118 OJCA I SYNA I DUCHA \u015aWI\u0118TEGO.<\/p><p><strong>ROCZEK (pierwsza rocznica urodzin \/ chrztu dziecka)\u00a0\u00a0<\/strong><\/p><p>Jest pi\u0119knym chrze\u015bcija\u0144skim zwyczajem, \u017ce dzi\u0119kujemy Bogu za pierwszy rok \u017cycia i za sakrament chrztu \u015bw. dziecka. Specjalnego b\u0142ogos\u0142awie\u0144stwa rocznego dziecka udzielamy zasadniczo w czasie uroczystej niedzielnej Eucharystii najcz\u0119\u015bciej w czasie Mszy \u015bw. chrzcielnej &#8211; terminy jak wy\u017cej.<\/p><p>Pro\u015bb\u0119 o udzielenie b\u0142ogos\u0142awie\u0144stwa z okazji pierwszej rocznicy chrztu (ew. urodzin) dziecka nale\u017cy zg\u0142osi\u0107 w kancelarii parafialnej z oko\u0142o miesi\u0119cznym wyprzedzeniem. W Mszy &#8222;roczkowej&#8221; dziecku powinni towarzyszy\u0107 rodzice i chrzestni. Dobrze jest zabra\u0107 ze sob\u0105 \u015bwiec\u0119 chrzcieln\u0105 dziecka.<\/p>\t\t\t\t\t\t\t\t<\/div>\n\t\t\t\t<\/div>\n\t\t\t\t\t<\/div>\n\t\t<\/div>\n\t\t\t\t\t<\/div>\n\t\t<\/section>\n\t\t\t\t<\/div>\n\t\t","protected":false},"excerpt":{"rendered":"<p>CHRZEST I ROCZEK Chrzest\u00a0jest bram\u0105 sakrament\u00f3w, jest konieczny do\u00a0zbawienia, uwalnia ludzi od\u00a0grzech\u00f3w, odradza ich jako dzieci Bo\u017ce i\u00a0przez\u00a0upodobnienie do\u00a0Chrystusa w\u0142\u0105cza do\u00a0wsp\u00f3lnoty Ko\u015bcio\u0142a. Sakramentu Chrztu \u015bw. w naszej parafii udzielamy zasadniczo\u00a0w czasie uroczystej niedzielnej Eucharystii.\u00a0Najcz\u0119\u015bciej chrzcimy dwa razy w miesi\u0105cu: w\u00a0pierwsz\u0105 i trzeci\u0105 niedziel\u0119\u00a0na Mszy o godz. 15.30 lub 11.15. W roku 2023\u00a0dla chrzt\u00f3w i roczk\u00f3w [&hellip;]<\/p>\n","protected":false},"author":2,"featured_media":0,"parent":0,"menu_order":0,"comment_status":"closed","ping_status":"closed","template":"","meta":{"_uag_custom_page_level_css":"","site-sidebar-layout":"no-sidebar","site-content-layout":"page-builder","ast-site-content-layout":"full-width-container","site-content-style":"unboxed","site-sidebar-style":"unboxed","ast-global-header-display":"","ast-banner-title-visibility":"","ast-main-header-display":"","ast-hfb-above-header-display":"","ast-hfb-below-header-display":"","ast-hfb-mobile-header-display":"","site-post-title":"disabled","ast-breadcrumbs-content":"","ast-featured-img":"disabled","footer-sml-layout":"","ast-disable-related-posts":"","theme-transparent-header-meta":"","adv-header-id-meta":"","stick-header-meta":"","header-above-stick-meta":"","header-main-stick-meta":"","header-below-stick-meta":"","astra-migrate-meta-layouts":"set","ast-page-background-enabled":"default","ast-page-background-meta":{"desktop":{"background-color":"","background-image":"","background-repeat":"repeat","background-position":"center center","background-size":"auto","background-attachment":"scroll","background-type":"","background-media":"","overlay-type":"","overlay-color":"","overlay-opacity":"","overlay-gradient":""},"tablet":{"background-color":"","background-image":"","background-repeat":"repeat","background-position":"center center","background-size":"auto","background-attachment":"scroll","background-type":"","background-media":"","overlay-type":"","overlay-color":"","overlay-opacity":"","overlay-gradient":""},"mobile":{"background-color":"","background-image":"","background-repeat":"repeat","background-position":"center center","background-size":"auto","background-attachment":"scroll","background-type":"","background-media":"","overlay-type":"","overlay-color":"","overlay-opacity":"","overlay-gradient":""}},"ast-content-background-meta":{"desktop":{"background-color":"var(--ast-global-color-5)","background-image":"","background-repeat":"repeat","background-position":"center center","background-size":"auto","background-attachment":"scroll","background-type":"","background-media":"","overlay-type":"","overlay-color":"","overlay-opacity":"","overlay-gradient":""},"tablet":{"background-color":"var(--ast-global-color-5)","background-image":"","background-repeat":"repeat","background-position":"center center","background-size":"auto","background-attachment":"scroll","background-type":"","background-media":"","overlay-type":"","overlay-color":"","overlay-opacity":"","overlay-gradient":""},"mobile":{"background-color":"var(--ast-global-color-5)","background-image":"","background-repeat":"repeat","background-position":"center center","background-size":"auto","background-attachment":"scroll","background-type":"","background-media":"","overlay-type":"","overlay-color":"","overlay-opacity":"","overlay-gradient":""}},"footnotes":""},"uagb_featured_image_src":{"full":false,"thumbnail":false,"medium":false,"medium_large":false,"large":false,"1536x1536":false,"2048x2048":false},"uagb_author_info":{"display_name":"Andrzej Hoinkis","author_link":"https:\/\/www.parafiabrzezinka.eu\/test3\/author\/ahoinkis\/"},"uagb_comment_info":0,"uagb_excerpt":"CHRZEST I ROCZEK Chrzest\u00a0jest bram\u0105 sakrament\u00f3w, jest konieczny do\u00a0zbawienia, uwalnia ludzi od\u00a0grzech\u00f3w, odradza ich jako dzieci Bo\u017ce i\u00a0przez\u00a0upodobnienie do\u00a0Chrystusa w\u0142\u0105cza do\u00a0wsp\u00f3lnoty Ko\u015bcio\u0142a. Sakramentu Chrztu \u015bw. w naszej parafii udzielamy zasadniczo\u00a0w czasie uroczystej niedzielnej Eucharystii.\u00a0Najcz\u0119\u015bciej chrzcimy dwa razy w miesi\u0105cu: w\u00a0pierwsz\u0105 i trzeci\u0105 niedziel\u0119\u00a0na Mszy o godz. 15.30 lub 11.15. W roku 2023\u00a0dla chrzt\u00f3w i roczk\u00f3w&hellip;","_links":{"self":[{"href":"https:\/\/www.parafiabrzezinka.eu\/test3\/wp-json\/wp\/v2\/pages\/2690"}],"collection":[{"href":"https:\/\/www.parafiabrzezinka.eu\/test3\/wp-json\/wp\/v2\/pages"}],"about":[{"href":"https:\/\/www.parafiabrzezinka.eu\/test3\/wp-json\/wp\/v2\/types\/page"}],"author":[{"embeddable":true,"href":"https:\/\/www.parafiabrzezinka.eu\/test3\/wp-json\/wp\/v2\/users\/2"}],"replies":[{"embeddable":true,"href":"https:\/\/www.parafiabrzezinka.eu\/test3\/wp-json\/wp\/v2\/comments?post=2690"}],"version-history":[{"count":4,"href":"https:\/\/www.parafiabrzezinka.eu\/test3\/wp-json\/wp\/v2\/pages\/2690\/revisions"}],"predecessor-version":[{"id":2694,"href":"https:\/\/www.parafiabrzezinka.eu\/test3\/wp-json\/wp\/v2\/pages\/2690\/revisions\/2694"}],"wp:attachment":[{"href":"https:\/\/www.parafiabrzezinka.eu\/test3\/wp-json\/wp\/v2\/media?parent=2690"}],"curies":[{"name":"wp","href":"https:\/\/api.w.org\/{rel}","templated":true}]}}